{"id":215158,"date":"2021-02-12T12:52:51","date_gmt":"2021-02-12T11:52:51","guid":{"rendered":"http:\/\/2020.zempleninfo.eu\/?page_id=215158"},"modified":"2025-05-09T02:37:43","modified_gmt":"2025-05-09T01:37:43","slug":"tagok","status":"publish","type":"page","link":"https:\/\/zempleninfo.eu\/?page_id=215158","title":{"rendered":"Tagok"},"content":{"rendered":"<div class=\"wpb-content-wrapper\"><p>[vc_row][vc_column][\/vc_column][\/vc_row][vc_row full_width=&#8221;stretch_row&#8221; content_placement=&#8221;top&#8221; css=&#8221;.vc_custom_1588855740633{padding-top: 30px !important;}&#8221;][vc_column width=&#8221;3\/4&#8243;][vc_custom_heading text=&#8221;S\u00e1toralja\u00fajhely &#8211; Hegyk\u00f6z Turizmus\u00e1\u00e9rt Egyes\u00fclet tagjai&#8221; font_container=&#8221;tag:h4|text_align:left&#8221; google_fonts=&#8221;font_family:Roboto%20Condensed%3A300%2C300italic%2Cregular%2Citalic%2C700%2C700italic|font_style:400%20regular%3A400%3Anormal&#8221;][vc_column_text css=&#8221;&#8221;]<\/p>\n<p>Egy szolg\u00e1ltat\u00f3 sokf\u00e9lek\u00e9ppen szerezhet fizet\u0151vend\u00e9geket. Tagjaink az \u00e9ves tagd\u00edj \u00e9rt\u00e9k\u00e9nek t\u00f6bbsz\u00f6r\u00f6s\u00e9t kapj\u00e1k vissza az egyes\u00fclett\u0151l. A nagy forgalmat gener\u00e1l\u00f3 informat\u00edv honlapon, a k\u00f6z\u00f6ss\u00e9gi tereken, k\u00fcl\u00f6nb\u00f6z\u0151 turisztikai port\u00e1lokon, orsz\u00e1gos programaj\u00e1nl\u00f3kban, bloggerek has\u00e1bjain, pap\u00edralap\u00fa kiadv\u00e1nyokban \u00e9s m\u00e9g sok m\u00e1s sz\u00ednt\u00e9ren van lehet\u0151s\u00e9g\u00fck megjelenni, melynek hat\u00e1s\u00e1ra szolg\u00e1ltat\u00e1suk ismertt\u00e9 \u00e9s l\u00e1togatott\u00e1 v\u00e1lik. Munkat\u00e1rsainkt\u00f3l \u2013 legyen az p\u00e1ly\u00e1zat, online adatk\u00f6zl\u00e9s, vagy \u00e9ppen programaj\u00e1nl\u00e1s &#8211; naprak\u00e9sz inform\u00e1ci\u00f3kat \u00e9s szakmai seg\u00edts\u00e9get kapnak. Fedezd fel a t\u00f6k\u00e9letess\u00e9g el\u00e9r\u00e9s\u00e9nek titkait <a href=\"https:\/\/www.shishaspace.de\/produkt-kategorie\/koepfe\/\">shisha kopf<\/a> Szak\u00e9rt\u0151i tippjeinkkel \u00e9s tr\u00fckkjeinkkel emelje a doh\u00e1nyz\u00e1si \u00e9lm\u00e9nyt a csomagol\u00e1si technik\u00e1k \u00e9s az \u00edzkombin\u00e1ci\u00f3k elsaj\u00e1t\u00edt\u00e1s\u00e1val az optim\u00e1lis \u00e9lvezet \u00e9rdek\u00e9ben.<\/p>\n<p>&nbsp;<\/p>\n<p>Dank\u00f3 D\u00e9nes &#8211; egyes\u00fcleti eln\u00f6k<\/p>\n<p>Blan\u00e1r R\u00f3bert &#8211; TDM menedzser, egyes\u00fcleti titk\u00e1r<\/p>\n<ul>\n<li><a href=\"https:\/\/zempleninfo.eu\/h\/szallas-es-vendeglatohelyek\/vendeghazak-maganszallashelyek\/anita-vendeghaz\/\">Anita Vend\u00e9gh\u00e1z<\/a> &#8211; T\u00f3th Ferenc<\/li>\n<li><a href=\"https:\/\/zempleninfo.eu\/h\/szallas-es-vendeglatohelyek\/ettermek-vendeglatohelyek\/a-boros-borbar\/\">A Boros Borb\u00e1r<\/a> &#8211; Balogh Zolt\u00e1n<\/li>\n<li><a href=\"https:\/\/zempleninfo.eu\/h\/szallas-es-vendeglatohelyek\/szallodak-panziok\/aranybanya-udulopark\/\">Aranyb\u00e1nya \u00dcd\u00fcl\u0151park<\/a> &#8211; S\u00e1pi Tibor<\/li>\n<li><a href=\"https:\/\/zempleninfo.eu\/h\/szallas-es-vendeglatohelyek\/palinkafozdek\/bestillo-palinkahaz\/\">Bestillo P\u00e1linkah\u00e1z<\/a> &#8211; Czak\u00f3 G\u00e1bor<\/li>\n<li><a href=\"https:\/\/zempleninfo.eu\/h\/szallas-es-vendeglatohelyek\/boraszatok\/bodnar-pinceszet-es-borhaz\/\">Bodn\u00e1r Pinc\u00e9szet \u00e9s Borh\u00e1z<\/a> &#8211; Dr. Bodn\u00e1r S\u00e1ndor<\/li>\n<li><a href=\"https:\/\/zempleninfo.eu\/h\/szallas-es-vendeglatohelyek\/ifjusagi-szallashelyek-kempingek\/bodrog-turistahaz-es-kemping\/\">Bodrog Turistah\u00e1z \u00e9s Kemping<\/a> &#8211; L\u0151rincz L\u00e1szl\u00f3, Horv\u00e1th Tibor<\/li>\n<li><a href=\"https:\/\/zempleninfo.eu\/h\/szallas-es-vendeglatohelyek\/szallodak-panziok\/csillagfeny-panzio\/\">Csillagf\u00e9ny Panzi\u00f3 \u00e9s \u00c9tterem<\/a> &#8211; Csontos Bertalan, Szappanos M\u00e1ria<\/li>\n<li><a href=\"https:\/\/zempleninfo.eu\/h\/szolgaltatasok\/egyeb-szolgaltatasok\/goszi-allatklinika\/\">Dr. G\u00d6SZI \u00c1llatklinika Bt.<\/a> &#8211; Dr. G\u00f6r\u00f6mbei Szil\u00e1rd<\/li>\n<li><a href=\"https:\/\/zempleninfo.eu\/h\/szallas-es-vendeglatohelyek\/vendeghazak-maganszallashelyek\/elaltat-lak-vendeghaz\/\">Elaltat-lak Vend\u00e9gh\u00e1z<\/a> &#8211; S\u00fct\u0151 Tibor<\/li>\n<li><a href=\"https:\/\/zempleninfo.eu\/h\/szallas-es-vendeglatohelyek\/szallodak-panziok\/feher-szikla-vadaszhaz\/\">Feh\u00e9r Szikla Vad\u00e1szh\u00e1z<\/a>, Zempl\u00e9ni Feh\u00e9rszikla Turisztikai K\u00f6zpont &#8211; Mester Andr\u00e1sn\u00e9<\/li>\n<li><a href=\"https:\/\/zempleninfo.eu\/h\/szallas-es-vendeglatohelyek\/vendeghazak-maganszallashelyek\/hegyalja-vendeghaz-mikohaza\/\">Hegyalja Vend\u00e9gh\u00e1z<\/a> &#8211; F\u00e1bi\u00e1n Edina<\/li>\n<li><a href=\"https:\/\/zempleninfo.eu\/h\/szolgaltatasok\/helyi-termekek\/csudaiz-mezeskalacs\/\">Helyi PORT\u00c9KAl\u00e1ka Szoci\u00e1lis Sz\u00f6vetkezet<\/a> &#8211; Szigeti G\u00e1bor<\/li>\n<li><a href=\"https:\/\/zempleninfo.eu\/civil-szervezetek\/\">Holdf\u00e9ny Magyar-Lengyel Kultur\u00e1lis Egyes\u00fclet<\/a> &#8211; Ujjn\u00e9 Schneider Hedvig<\/li>\n<li><a href=\"https:\/\/zempleninfo.eu\/h\/szolgaltatasok\/egyeb-szolgaltatasok\/hollohazi-porcelan-manufaktura\/\">Holl\u00f3h\u00e1zi Ipart\u00f6rt\u00e9neti Ki\u00e1ll\u00edt\u00f3hely<\/a> &#8211; Juh\u00e1szn\u00e9 Kov\u00e1cs Szilvia<\/li>\n<li><a href=\"https:\/\/zempleninfo.eu\/h\/szallas-es-vendeglatohelyek\/szallodak-panziok\/hotel-hunor\/\">Hotel Hunor<\/a> &#8211; Husz\u00e1g Lajos<\/li>\n<li><a href=\"https:\/\/zempleninfo.eu\/h\/szallas-es-vendeglatohelyek\/vendeghazak-maganszallashelyek\/huta-patak-vendeghaz\/\">Huta-Patak Vend\u00e9gh\u00e1z<\/a> &#8211; Pint\u00e9r Gy\u00f6rgy<\/li>\n<li><a href=\"https:\/\/zempleninfo.eu\/h\/szolgaltatasok\/egyeb-szolgaltatasok\/interkultur-hungaria-kft\/\">Interkultur Hungaria K\u00f6zhaszn\u00fa Nonprofit Kft.<\/a> &#8211; Turj\u00e1nyi Mikl\u00f3s<\/li>\n<li><a href=\"https:\/\/zempleninfo.eu\/h\/szallas-es-vendeglatohelyek\/vendeghazak-maganszallashelyek\/kaland-vendeghaz\/\">Kaland Vend\u00e9gh\u00e1z<\/a> &#8211; Kulcs\u00e1r G\u00e1bor<\/li>\n<li><a href=\"https:\/\/zempleninfo.eu\/h\/szallas-es-vendeglatohelyek\/szallodak-panziok\/kossuth-panzio\/\">Kossuth Panzi\u00f3<\/a>, <a href=\"https:\/\/zempleninfo.eu\/h\/szallas-es-vendeglatohelyek\/ettermek-vendeglatohelyek\/spaten-sorozo-es-etterem\/\">Spaten S\u00f6r\u00f6z\u0151 \u00e9s \u00c9tterem<\/a> &#8211; Berencsi S\u00e1ndor<\/li>\n<li><a href=\"https:\/\/zempleninfo.eu\/civil-szervezetek\/\">Kosztyu \u00c1d\u00e1m Eml\u00e9k\u00e9re a Leuk\u00e9mi\u00e1s, Daganatos \u00e9s Zempl\u00e9n Fogyat\u00e9kos&nbsp;Gyermekei\u00e9rt Alap\u00edtv\u00e1ny<\/a> &#8211; Kosztyu Vikt\u00f3ria, Hardin\u00e9 P\u00e1sztor Marianna,&nbsp;S\u00f6rgeln\u00e9 T\u0151s\u00e9r Anett<\/li>\n<li><a href=\"https:\/\/zempleninfo.eu\/h\/szolgaltatasok\/helyi-termekek\/kokenyessy-almaecet\/\">K\u00f6k\u00e9nyessy Almaecet<\/a> &#8211; K\u00f6k\u00e9nyessy Gy\u00f6rgy<\/li>\n<li><a href=\"https:\/\/zempleninfo.eu\/h\/szallas-es-vendeglatohelyek\/ettermek-vendeglatohelyek\/kozepkori-vizimalom-es-sutohaz\/\">K\u00f6z\u00e9pkori V\u00edzimalom \u00e9s S\u00fct\u0151h\u00e1z<\/a> &#8211; Moravszki J\u00f3zsef<\/li>\n<li>K\u00f6zs\u00e9gi \u00d6nkorm\u00e1nyzat F\u00fcz\u00e9rradv\u00e1ny &#8211; <a href=\"https:\/\/zempleninfo.eu\/h\/szallas-es-vendeglatohelyek\/ifjusagi-szallashelyek-kempingek\/ifjusagi-tabor\/\">Ifj\u00fas\u00e1gi T\u00e1bor<\/a> &#8211; T\u00f3th L\u00e1szl\u00f3n\u00e9<\/li>\n<li>Laczk\u00f3 P\u00e1l &#8211; Als\u00f3regmec- polg\u00e1rmester<\/li>\n<li><a href=\"https:\/\/zempleninfo.eu\/h\/szallas-es-vendeglatohelyek\/ifjusagi-szallashelyek-kempingek\/megyer-ifjusagi-tabor\/\">Megyer Ifj\u00fas\u00e1gi T\u00e1bor<\/a> &#8211; Papik Istv\u00e1n<\/li>\n<li><a href=\"https:\/\/zempleninfo.eu\/h\/szolgaltatasok\/tura-es-idegenvezetes\/mikohazi-izorzok-egyesulete\/\">Mik\u00f3h\u00e1zi \u00cdz\u00f6rz\u0151k Egyes\u00fclete<\/a> &#8211; Nov\u00e1k No\u00e9mi<\/li>\n<li><a href=\"https:\/\/zempleninfo.eu\/h\/szallas-es-vendeglatohelyek\/szallodak-panziok\/muzeumkert-vendeglo-es-szalloda\/\">M\u00fazeumkert Panzi\u00f3 \u00e9s Vend\u00e9gl\u0151<\/a> &#8211; Monok N\u00e1ndor<\/li>\n<li><a href=\"https:\/\/zempleninfo.eu\/h\/szallas-es-vendeglatohelyek\/vendeghazak-maganszallashelyek\/napsugar-vendeghaz\/\">Napsug\u00e1r Vend\u00e9gh\u00e1z<\/a> &#8211; Kozm\u00e1n\u00e9 Dud\u00e1s \u00c9va<\/li>\n<li><a href=\"https:\/\/zempleninfo.eu\/h\/szolgaltatasok\/tura-es-idegenvezetes\/megszervezem\/\">Nov\u00e1k Zolt\u00e1n<\/a><\/li>\n<li><a href=\"https:\/\/zempleninfo.eu\/h\/szolgaltatasok\/sport-oktatas\/obraz-zsolt-meheszeti-eloado\/\">Obr\u00e1z Zsolt<\/a><\/li>\n<li><a href=\"https:\/\/zempleninfo.eu\/h\/latnivalok\/muzeumok-muemlekek\/a-magyar-nyelv-muzeuma\/\">Pet\u0151fi Irodalmi M\u00fazeum<\/a> &#8211; PIM Pr\u0151hle Gergely<\/li>\n<li><a href=\"https:\/\/zempleninfo.eu\/h\/szallas-es-vendeglatohelyek\/vendeghazak-maganszallashelyek\/piroska-vendeghaz\/\">Piroska Vend\u00e9gh\u00e1z<\/a> &#8211; Pilv\u00e1n G\u00e1bor<\/li>\n<li><a href=\"https:\/\/zempleninfo.eu\/h\/szolgaltatasok\/tura-es-idegenvezetes\/a-polyan-tanya-lovas-turisztikai-ajanlatai\/\">Poly\u00e1n Egyes\u00fclet<\/a> &#8211; Mikl\u00f3sn\u00e9 Moln\u00e1r Eszter<\/li>\n<li><a href=\"https:\/\/zempleninfo.eu\/h\/szolgaltatasok\/egyeb-szolgaltatasok\/rigo-lovastanya\/\">Rig\u00f3 Lovas Tanya<\/a> &#8211; Simonics Gyul\u00e1n\u00e9<\/li>\n<li><a href=\"https:\/\/zempleninfo.eu\/h\/szolgaltatasok\/sport-oktatas\/ujhelyi-siiskola\/\">S\u00e1toralja\u00fajhelyi S\u00ediskola<\/a> &#8211; Tak\u00e1cs Norbert<\/li>\n<li><a href=\"https:\/\/zempleninfo.eu\/h\/szallas-es-vendeglatohelyek\/ifjusagi-szallashelyek-kempingek\/smaragdvolgy-pihenopark\/\">Smaragdv\u00f6lgy Pihen\u0151park<\/a> &#8211; Szurovcs\u00e1kn\u00e9 Berecz \u00c1gnes<\/li>\n<li><a href=\"https:\/\/zempleninfo.eu\/h\/szallas-es-vendeglatohelyek\/palinkafozdek\/szephalmi-nyelvforgato-bio-palinka-kostolohaz\/\">Susztrik Jen\u0151<\/a> &#8211; Susztrik Jen\u0151<\/li>\n<li>Sz\u00e9ptan Alap\u00edtv\u00e1ny &#8211; Domb\u00f3v\u00e1ri J\u00e1nos<\/li>\n<li><a href=\"https:\/\/zempleninfo.eu\/h\/szallas-es-vendeglatohelyek\/boraszatok\/szilagyi-pinceszet\/\">Szil\u00e1gyi Pinc\u00e9szet \u00e9s Borh\u00e1z<\/a> &#8211; Szil\u00e1gyi L\u00e1szl\u00f3<\/li>\n<li><a href=\"https:\/\/zempleninfo.eu\/h\/szolgaltatasok\/helyi-termekek\/tepliczky-meheszet\/\">Tepliczky M\u00e9h\u00e9szet<\/a> &#8211; Tepliczky Bal\u00e1zs<\/li>\n<li><a href=\"https:\/\/zempleninfo.eu\/h\/szallas-es-vendeglatohelyek\/palinkafozdek\/tiszta-gyumolcs-kft\/\">Tiszta Gy\u00fcm\u00f6lcs Kft.<\/a> &#8211; Kov\u00e1cs Krisztina M\u00e1ria<\/li>\n<li>Titus Hit\u00e9leti Alap\u00edtv\u00e1ny Ifj\u00fas\u00e1gi T\u00e1bora &#8211; Bodn\u00e1r P\u00e9ter<\/li>\n<li><a href=\"https:\/\/zempleninfo.eu\/h\/szallas-es-vendeglatohelyek\/ifjusagi-szallashelyek-kempingek\/turistahaz\/\">Turistasz\u00e1ll\u00e1s<\/a> \u00e9s <a href=\"https:\/\/zempleninfo.eu\/h\/szallas-es-vendeglatohelyek\/ifjusagi-szallashelyek-kempingek\/vendeghaz\/\">Vend\u00e9gh\u00e1z<\/a> &#8211; V\u00e1g\u00e1shuta K\u00f6zs\u00e9gi \u00f6nkorm\u00e1nyzat<\/li>\n<li><a href=\"https:\/\/zempleninfo.eu\/h\/szallas-es-vendeglatohelyek\/vendeghazak-maganszallashelyek\/tundervirag-vendeghaz\/\">T\u00fcnd\u00e9rvir\u00e1g Vend\u00e9gh\u00e1z<\/a> &#8211; Vir\u00e1g B\u00e9la<\/li>\n<li><a href=\"https:\/\/zempleninfo.eu\/h\/szallas-es-vendeglatohelyek\/szallodak-panziok\/var-vendeglo-panzio\/\">V\u00e1r Vend\u00e9gl\u0151<\/a> &#8211; Balogh Zolt\u00e1n<\/li>\n<li><a href=\"https:\/\/zempleninfo.eu\/civil-szervezetek\/\">Zempl\u00e9n Fenntarthat\u00f3 Fejl\u0151d\u00e9s\u00e9\u00e9rt Egyes\u00fclet<\/a> &#8211; Blan\u00e1r R\u00f3bert eln\u00f6k<\/li>\n<li><a href=\"https:\/\/zempleninfo.eu\/h\/szallas-es-vendeglatohelyek\/ifjusagi-szallashelyek-kempingek\/zemplen-udulo-gyermek-es-ifjusagi-tabor\/\">Zempl\u00e9n \u00dcd\u00fcl\u0151 &#8211; Gyermek \u00e9s Ifj\u00fas\u00e1gi T\u00e1bor \u00e9s rendezv\u00e9nyh\u00e1z<\/a>&nbsp;&#8211; Hoffmann Imre<\/li>\n<li><a href=\"https:\/\/zempleninfo.eu\/civil-szervezetek\/\">Zempl\u00e9ni Fiatalok Hat\u00e1rok N\u00e9lk\u00fcli Egyes\u00fclete<\/a> &#8211; Kracson Norbert eln\u00f6k<\/li>\n<li><a href=\"https:\/\/zempleninfo.eu\/h\/szallas-es-vendeglatohelyek\/vendeghazak-maganszallashelyek\/vilyipusztai-vadaszhaz\/\">Vilyipusztai Vad\u00e1szh\u00e1z<\/a> &#8211; Zempl\u00e9n-T\u00f6lgy Kft. &#8211; Mahut Magdolna<\/li>\n<li><a href=\"https:\/\/zempleninfo.eu\/h\/szallas-es-vendeglatohelyek\/vendeghazak-maganszallashelyek\/zoldkapus-falusi-szallashely\/\">Z\u00f6ldkapus Falusi Sz\u00e1ll\u00e1shely<\/a> &#8211; T\u00f3th L\u00e1szl\u00f3n\u00e9<\/li>\n<li><a href=\"https:\/\/zempleninfo.eu\/civil-szervezetek\/\">Zsolyomkai Egyes\u00fclet<\/a> &#8211; Dr. Est\u00f3k J\u00f3zsef eln\u00f6k <\/li>\n<\/ul>\n<p>&nbsp;<\/p>\n<ul>\n<li>S\u00e1toralja\u00fajhely V\u00e1ros \u00d6nkorm\u00e1nyzata<\/li>\n<li>Mik\u00f3h\u00e1za K\u00f6zs\u00e9gi \u00d6nkorm\u00e1nyzat<\/li>\n<li>Als\u00f3regmec K\u00f6zs\u00e9gi \u00d6nkorm\u00e1nyzata<\/li>\n<li>K\u00f6zs\u00e9gi \u00d6nkorm\u00e1nyzat F\u00fcz\u00e9rkoml\u00f3s<\/li>\n<li>V\u00e1g\u00e1shuta K\u00f6zs\u00e9gi \u00d6nkorm\u00e1nyzat<\/li>\n<li>Vilyvit\u00e1ny K\u00f6zs\u00e9gi \u00d6nkorm\u00e1nyzat<\/li>\n<\/ul>\n<p>[\/vc_column_text][\/vc_column][vc_column width=&#8221;1\/4&#8243;][vc_widget_sidebar sidebar_id=&#8221;page-sidebar&#8221;][\/vc_column][\/vc_row][vc_row full_width=&#8221;stretch_row_content_no_spaces&#8221; css=&#8221;.vc_custom_1588857454813{margin-bottom: 0px !important;}&#8221;][vc_column]<svg id=\"gambit-row-separator-1\" preserveAspectRatio=\"xMidYMax meet\" class=\"gambit_separator gambit_sep_top gambit-sep-type-slant-decor1\" viewBox=\"0 0 1600 200\" data-bg-color=\"#94c11f\" style=\"display: none; width: 100%; height: calc(200 \/ 1600 * 100vw)\" data-height=\"200\">\n<polygon class=\"gambit_sep_main\" style=\"\" points=\"-4,24.167 1604,198 1604,214 -4,214 \"\/>\n<polygon class=\"gambit_sep_decor1\" style=\"opacity: 1;fill: #f9b000;\" points=\"-4,12 1604,198 -4,24.167 \"\/>\n<polygon class=\"gambit_sep_decor2\" style=\"opacity: 1;fill: rgba(189,195,199,0.01);\" points=\"-4,0 1604,198 -4,12 \"\/><\/svg>[\/vc_column][\/vc_row]<\/p>\n<\/div>","protected":false},"excerpt":{"rendered":"<p>[vc_row][vc_column][\/vc_column][\/vc_row][vc_row full_width=&#8221;stretch_row&#8221; content_placement=&#8221;top&#8221; css=&#8221;.vc_custom_1588855740633{padding-top: 30px !important;}&#8221;][vc_column width=&#8221;3\/4&#8243;][vc_custom_heading text=&#8221;S\u00e1toralja\u00fajhely &#8211; Hegyk\u00f6z Turizmus\u00e1\u00e9rt Egyes\u00fclet tagjai&#8221; font_container=&#8221;tag:h4|text_align:left&#8221; google_fonts=&#8221;font_family:Roboto%20Condensed%3A300%2C300italic%2Cregular%2Citalic%2C700%2C700italic|font_style:400%20regular%3A400%3Anormal&#8221;][vc_column_text css=&#8221;&#8221;] Egy szolg\u00e1ltat\u00f3 sokf\u00e9lek\u00e9ppen szerezhet&#8230;<\/p>\n","protected":false},"author":1,"featured_media":215954,"parent":0,"menu_order":0,"comment_status":"closed","ping_status":"closed","template":"","meta":{"footnotes":""},"class_list":["post-215158","page","type-page","status-publish","has-post-thumbnail"],"lang":"hu","translations":{"hu":215158},"pll_sync_post":[],"_links":{"self":[{"href":"https:\/\/zempleninfo.eu\/index.php?rest_route=\/wp\/v2\/pages\/215158","targetHints":{"allow":["GET"]}}],"collection":[{"href":"https:\/\/zempleninfo.eu\/index.php?rest_route=\/wp\/v2\/pages"}],"about":[{"href":"https:\/\/zempleninfo.eu\/index.php?rest_route=\/wp\/v2\/types\/page"}],"author":[{"embeddable":true,"href":"https:\/\/zempleninfo.eu\/index.php?rest_route=\/wp\/v2\/users\/1"}],"replies":[{"embeddable":true,"href":"https:\/\/zempleninfo.eu\/index.php?rest_route=%2Fwp%2Fv2%2Fcomments&post=215158"}],"version-history":[{"count":1,"href":"https:\/\/zempleninfo.eu\/index.php?rest_route=\/wp\/v2\/pages\/215158\/revisions"}],"predecessor-version":[{"id":220141,"href":"https:\/\/zempleninfo.eu\/index.php?rest_route=\/wp\/v2\/pages\/215158\/revisions\/220141"}],"wp:featuredmedia":[{"embeddable":true,"href":"https:\/\/zempleninfo.eu\/index.php?rest_route=\/wp\/v2\/media\/215954"}],"wp:attachment":[{"href":"https:\/\/zempleninfo.eu\/index.php?rest_route=%2Fwp%2Fv2%2Fmedia&parent=215158"}],"curies":[{"name":"wp","href":"https:\/\/api.w.org\/{rel}","templated":true}]}}